{"id":2,"date":"2023-11-18T19:22:37","date_gmt":"2023-11-18T19:22:37","guid":{"rendered":"https:\/\/www.colectividadsatrianese.org\/?page_id=2"},"modified":"2025-08-17T23:49:45","modified_gmt":"2025-08-17T23:49:45","slug":"sample-page","status":"publish","type":"page","link":"https:\/\/www.colectividadsatrianese.org\/?page_id=2","title":{"rendered":"Acerca nuestro"},"content":{"rendered":"<p><strong>PARA EL RECUERDO\u2026.<\/strong><\/p>\n<p>El a\u00f1o 2004 fue muy especial para nuestra Colectividad, por<br \/>\nun lado el 1er Aniversario del Primer Grupo de Danza y por otro<br \/>\nlos 40 a\u00f1os de la fundaci\u00f3n de la Colectividad Satrianesa-San Rocco<br \/>\ny s\u00ed lo festejamos.<\/p>\n<p><img loading=\"lazy\" decoding=\"async\" class=\"alignnone size-medium wp-image-42\" src=\"https:\/\/www.colectividadsatrianese.org\/wp-content\/uploads\/2023\/11\/2023-11-20-12_08_21-RV_-Historico-de-la-Colectividad-jcrbroker@gmail.com-Gmail-300x229.png\" alt=\"\" width=\"300\" height=\"229\" srcset=\"https:\/\/www.colectividadsatrianese.org\/wp-content\/uploads\/2023\/11\/2023-11-20-12_08_21-RV_-Historico-de-la-Colectividad-jcrbroker@gmail.com-Gmail-300x229.png 300w, https:\/\/www.colectividadsatrianese.org\/wp-content\/uploads\/2023\/11\/2023-11-20-12_08_21-RV_-Historico-de-la-Colectividad-jcrbroker@gmail.com-Gmail.png 316w\" sizes=\"auto, (max-width: 300px) 100vw, 300px\" \/> <img loading=\"lazy\" decoding=\"async\" class=\"alignnone wp-image-43\" src=\"https:\/\/www.colectividadsatrianese.org\/wp-content\/uploads\/2023\/11\/2023-11-20-12_08_59-RV_-Historico-de-la-Colectividad-jcrbroker@gmail.com-Gmail-300x223.png\" alt=\"\" width=\"307\" height=\"228\" srcset=\"https:\/\/www.colectividadsatrianese.org\/wp-content\/uploads\/2023\/11\/2023-11-20-12_08_59-RV_-Historico-de-la-Colectividad-jcrbroker@gmail.com-Gmail-300x223.png 300w, https:\/\/www.colectividadsatrianese.org\/wp-content\/uploads\/2023\/11\/2023-11-20-12_08_59-RV_-Historico-de-la-Colectividad-jcrbroker@gmail.com-Gmail.png 313w\" sizes=\"auto, (max-width: 307px) 100vw, 307px\" \/> <img loading=\"lazy\" decoding=\"async\" class=\"alignnone wp-image-44\" src=\"https:\/\/www.colectividadsatrianese.org\/wp-content\/uploads\/2023\/11\/2023-11-20-12_09_28-RV_-Historico-de-la-Colectividad-jcrbroker@gmail.com-Gmail-300x226.png\" alt=\"\" width=\"301\" height=\"227\" srcset=\"https:\/\/www.colectividadsatrianese.org\/wp-content\/uploads\/2023\/11\/2023-11-20-12_09_28-RV_-Historico-de-la-Colectividad-jcrbroker@gmail.com-Gmail-300x226.png 300w, https:\/\/www.colectividadsatrianese.org\/wp-content\/uploads\/2023\/11\/2023-11-20-12_09_28-RV_-Historico-de-la-Colectividad-jcrbroker@gmail.com-Gmail.png 342w\" sizes=\"auto, (max-width: 301px) 100vw, 301px\" \/> <img loading=\"lazy\" decoding=\"async\" class=\"alignnone wp-image-45\" src=\"https:\/\/www.colectividadsatrianese.org\/wp-content\/uploads\/2023\/11\/2023-11-20-12_09_44-RV_-Historico-de-la-Colectividad-jcrbroker@gmail.com-Gmail.png\" alt=\"\" width=\"179\" height=\"226\" \/> <img loading=\"lazy\" decoding=\"async\" class=\"alignnone size-medium wp-image-46\" src=\"https:\/\/www.colectividadsatrianese.org\/wp-content\/uploads\/2023\/11\/2023-11-20-12_09_53-RV_-Historico-de-la-Colectividad-jcrbroker@gmail.com-Gmail-300x224.png\" alt=\"\" width=\"300\" height=\"224\" srcset=\"https:\/\/www.colectividadsatrianese.org\/wp-content\/uploads\/2023\/11\/2023-11-20-12_09_53-RV_-Historico-de-la-Colectividad-jcrbroker@gmail.com-Gmail-300x224.png 300w, https:\/\/www.colectividadsatrianese.org\/wp-content\/uploads\/2023\/11\/2023-11-20-12_09_53-RV_-Historico-de-la-Colectividad-jcrbroker@gmail.com-Gmail.png 384w\" sizes=\"auto, (max-width: 300px) 100vw, 300px\" \/> <img loading=\"lazy\" decoding=\"async\" class=\"alignnone wp-image-47\" src=\"https:\/\/www.colectividadsatrianese.org\/wp-content\/uploads\/2023\/11\/2023-11-20-12_10_04-RV_-Historico-de-la-Colectividad-jcrbroker@gmail.com-Gmail.png\" alt=\"\" width=\"172\" height=\"226\" \/><\/p>\n<p><em><strong>FUNDACION<\/strong><\/em><\/p>\n<p>La fundaci\u00f3n de la Colectividad Satrianesa \u2013 San Rocco se<br \/>\nremonta al a\u00f1o 1964, el d\u00eda 16 de Agosto, la misma fue<br \/>\norganizada por un grupo importante de emigrantes de Satriano di<br \/>\nLucania.-Prov. di Potenza aunque antes de 1934 exist\u00eda una<br \/>\ncomisi\u00f3n donde recaudaba fondos para la Fiesta en Satriano.<\/p>\n<p>La Primera fiesta en honor a San Rocco se realiz\u00f3 en la<br \/>\nCapilla de San Gerardo, ubicada en la localidad de Melilla en la<br \/>\nruta 5 de Montevideo, recordaba las fiestas que se hac\u00edan en<br \/>\nSatriano, comenz\u00f3 con la Santa Misa y continu\u00f3 con la<br \/>\ntradicional procesi\u00f3n , la venerada imagen fue acompa\u00f1ada por<br \/>\nuna enorme cantidad de personas , que con gran emoci\u00f3n<br \/>\ndemostraban as\u00ed su f\u00e9 en ella.-<\/p>\n<p><img loading=\"lazy\" decoding=\"async\" class=\"wp-image-49 alignleft\" src=\"https:\/\/www.colectividadsatrianese.org\/wp-content\/uploads\/2023\/11\/2023-11-20-12_11_53-RV_-Historico-de-la-Colectividad-jcrbroker@gmail.com-Gmail-300x188.png\" alt=\"\" width=\"413\" height=\"259\" srcset=\"https:\/\/www.colectividadsatrianese.org\/wp-content\/uploads\/2023\/11\/2023-11-20-12_11_53-RV_-Historico-de-la-Colectividad-jcrbroker@gmail.com-Gmail-300x188.png 300w, https:\/\/www.colectividadsatrianese.org\/wp-content\/uploads\/2023\/11\/2023-11-20-12_11_53-RV_-Historico-de-la-Colectividad-jcrbroker@gmail.com-Gmail.png 671w\" sizes=\"auto, (max-width: 413px) 100vw, 413px\" \/><\/p>\n<p>&nbsp;<\/p>\n<p>&nbsp;<\/p>\n<p>Momentos antes de la Misa Inaugural posan junto a la flamante Estatua<br \/>\nel Presidente de la Comisi\u00f3n de Fomento de la Capilla de San Gerardo y la<br \/>\n1era. Comisi\u00f3n Directiva junto a un grupo de colaboradores.-<\/p>\n<p>&nbsp;<\/p>\n<p>&nbsp;<\/p>\n<p>&nbsp;<\/p>\n<p><em><strong><br \/>\nEn el Parque de Melilla<\/strong><\/em><\/p>\n<p><img loading=\"lazy\" decoding=\"async\" class=\"alignnone size-medium wp-image-55\" src=\"https:\/\/www.colectividadsatrianese.org\/wp-content\/uploads\/2023\/11\/melilla1-300x192.png\" alt=\"\" width=\"300\" height=\"192\" srcset=\"https:\/\/www.colectividadsatrianese.org\/wp-content\/uploads\/2023\/11\/melilla1-300x192.png 300w, https:\/\/www.colectividadsatrianese.org\/wp-content\/uploads\/2023\/11\/melilla1.png 337w\" sizes=\"auto, (max-width: 300px) 100vw, 300px\" \/> <img loading=\"lazy\" decoding=\"async\" class=\"alignnone size-medium wp-image-56\" src=\"https:\/\/www.colectividadsatrianese.org\/wp-content\/uploads\/2023\/11\/melilla2-300x199.png\" alt=\"\" width=\"300\" height=\"199\" srcset=\"https:\/\/www.colectividadsatrianese.org\/wp-content\/uploads\/2023\/11\/melilla2-300x199.png 300w, https:\/\/www.colectividadsatrianese.org\/wp-content\/uploads\/2023\/11\/melilla2.png 327w\" sizes=\"auto, (max-width: 300px) 100vw, 300px\" \/><\/p>\n<p>En el Sal\u00f3n Parroquial<br \/>\n<img loading=\"lazy\" decoding=\"async\" class=\"alignnone size-medium wp-image-57\" src=\"https:\/\/www.colectividadsatrianese.org\/wp-content\/uploads\/2023\/11\/parro1-300x236.png\" alt=\"\" width=\"300\" height=\"236\" srcset=\"https:\/\/www.colectividadsatrianese.org\/wp-content\/uploads\/2023\/11\/parro1-300x236.png 300w, https:\/\/www.colectividadsatrianese.org\/wp-content\/uploads\/2023\/11\/parro1.png 330w\" sizes=\"auto, (max-width: 300px) 100vw, 300px\" \/> <img loading=\"lazy\" decoding=\"async\" class=\"alignnone size-medium wp-image-58\" src=\"https:\/\/www.colectividadsatrianese.org\/wp-content\/uploads\/2023\/11\/parro2-300x210.png\" alt=\"\" width=\"300\" height=\"210\" srcset=\"https:\/\/www.colectividadsatrianese.org\/wp-content\/uploads\/2023\/11\/parro2-300x210.png 300w, https:\/\/www.colectividadsatrianese.org\/wp-content\/uploads\/2023\/11\/parro2.png 338w\" sizes=\"auto, (max-width: 300px) 100vw, 300px\" \/> <img loading=\"lazy\" decoding=\"async\" class=\"alignnone size-medium wp-image-59\" src=\"https:\/\/www.colectividadsatrianese.org\/wp-content\/uploads\/2023\/11\/parro3-300x212.png\" alt=\"\" width=\"300\" height=\"212\" srcset=\"https:\/\/www.colectividadsatrianese.org\/wp-content\/uploads\/2023\/11\/parro3-300x212.png 300w, https:\/\/www.colectividadsatrianese.org\/wp-content\/uploads\/2023\/11\/parro3.png 322w\" sizes=\"auto, (max-width: 300px) 100vw, 300px\" \/> <img loading=\"lazy\" decoding=\"async\" class=\"alignnone wp-image-60\" src=\"https:\/\/www.colectividadsatrianese.org\/wp-content\/uploads\/2023\/11\/parro4-300x206.png\" alt=\"\" width=\"309\" height=\"212\" srcset=\"https:\/\/www.colectividadsatrianese.org\/wp-content\/uploads\/2023\/11\/parro4-300x206.png 300w, https:\/\/www.colectividadsatrianese.org\/wp-content\/uploads\/2023\/11\/parro4.png 336w\" sizes=\"auto, (max-width: 309px) 100vw, 309px\" \/><\/p>\n<p>Todo era alegr\u00eda, la fiesta de San Rocco se disfrutaba en toda su plenitud en un ambiente sano y de camaraderia.<br \/>\nAs\u00ed lo expresan estas viejas fotos.-<\/p>\n<p>No faltaba nada, hasta las tradicionales \u201ccente de cera\u201d,<br \/>\nMujeres, hombres, viejos y jovenes, un poco cada uno, las llevaban en la cabeza a lo largo de la procesi\u00f3n,<br \/>\nTodos participaban activamente conservando de esta forma intacta esta antigua tradici\u00f3n Satrianesa.<\/p>\n<p><img loading=\"lazy\" decoding=\"async\" class=\"alignnone size-medium wp-image-62\" src=\"https:\/\/www.colectividadsatrianese.org\/wp-content\/uploads\/2023\/11\/cente1-300x218.png\" alt=\"\" width=\"300\" height=\"218\" srcset=\"https:\/\/www.colectividadsatrianese.org\/wp-content\/uploads\/2023\/11\/cente1-300x218.png 300w, https:\/\/www.colectividadsatrianese.org\/wp-content\/uploads\/2023\/11\/cente1.png 362w\" sizes=\"auto, (max-width: 300px) 100vw, 300px\" \/> <img loading=\"lazy\" decoding=\"async\" class=\"alignnone size-medium wp-image-63\" src=\"https:\/\/www.colectividadsatrianese.org\/wp-content\/uploads\/2023\/11\/cente2-300x228.png\" alt=\"\" width=\"300\" height=\"228\" srcset=\"https:\/\/www.colectividadsatrianese.org\/wp-content\/uploads\/2023\/11\/cente2-300x228.png 300w, https:\/\/www.colectividadsatrianese.org\/wp-content\/uploads\/2023\/11\/cente2.png 374w\" sizes=\"auto, (max-width: 300px) 100vw, 300px\" \/><img loading=\"lazy\" decoding=\"async\" class=\"alignnone wp-image-64\" style=\"background-color: transparent;\" src=\"https:\/\/www.colectividadsatrianese.org\/wp-content\/uploads\/2023\/11\/cente3-300x196.png\" alt=\"\" width=\"352\" height=\"230\" srcset=\"https:\/\/www.colectividadsatrianese.org\/wp-content\/uploads\/2023\/11\/cente3-300x196.png 300w, https:\/\/www.colectividadsatrianese.org\/wp-content\/uploads\/2023\/11\/cente3.png 640w\" sizes=\"auto, (max-width: 352px) 100vw, 352px\" \/><\/p>\n<p><em><strong>EVOLUCION<\/strong><\/em><\/p>\n<p>Realizada la inauguraci\u00f3n de la \u201cFiesta de San Rocco\u201d ,como ya lo dijimos en Agosto, para nosotros en pleno Invierno,<br \/>\nse decide organizar otra el mismo a\u00f1o (1964) pero en Primavera, el \u201c2do. Domingo de Diciembre\u201d, dejando ya establecido que la<br \/>\nfestividad en lo sucesivo se realizar\u00eda en esta fecha<\/p>\n<p><img loading=\"lazy\" decoding=\"async\" class=\"alignnone size-medium wp-image-66\" src=\"https:\/\/www.colectividadsatrianese.org\/wp-content\/uploads\/2023\/11\/evo1-300x191.png\" alt=\"\" width=\"300\" height=\"191\" srcset=\"https:\/\/www.colectividadsatrianese.org\/wp-content\/uploads\/2023\/11\/evo1-300x191.png 300w, https:\/\/www.colectividadsatrianese.org\/wp-content\/uploads\/2023\/11\/evo1.png 359w\" sizes=\"auto, (max-width: 300px) 100vw, 300px\" \/> <img loading=\"lazy\" decoding=\"async\" class=\"alignnone size-medium wp-image-67\" src=\"https:\/\/www.colectividadsatrianese.org\/wp-content\/uploads\/2023\/11\/evo2-300x213.png\" alt=\"\" width=\"300\" height=\"213\" srcset=\"https:\/\/www.colectividadsatrianese.org\/wp-content\/uploads\/2023\/11\/evo2-300x213.png 300w, https:\/\/www.colectividadsatrianese.org\/wp-content\/uploads\/2023\/11\/evo2.png 339w\" sizes=\"auto, (max-width: 300px) 100vw, 300px\" \/> <img loading=\"lazy\" decoding=\"async\" class=\"alignnone size-medium wp-image-68\" src=\"https:\/\/www.colectividadsatrianese.org\/wp-content\/uploads\/2023\/11\/evo3-286x300.png\" alt=\"\" width=\"286\" height=\"300\" srcset=\"https:\/\/www.colectividadsatrianese.org\/wp-content\/uploads\/2023\/11\/evo3-286x300.png 286w, https:\/\/www.colectividadsatrianese.org\/wp-content\/uploads\/2023\/11\/evo3.png 368w\" sizes=\"auto, (max-width: 286px) 100vw, 286px\" \/><\/p>\n<p>&nbsp;<\/p>\n<p>Estas fotos son mas que elocuentes, la participaci\u00f3n y el apoyo de la gente fu\u00e9 masivo.<br \/>\nA\u00f1o tras a\u00f1o, las fiestas de nuestro Santo Patrono, se fueron sucediendo, contando siempre con numeroso p\u00fablico.<\/p>\n<p><span style=\"background-color: transparent;\"> La noticia se expandi\u00f3 en la comunidad entera de emigrantes italianos, que brind\u00f3 su apoyo y participaci\u00f3n,<br \/>\ndisfrutando especialmente de la festividad tanto como d\u00eda de f\u00e9, como d\u00eda de reencuentro entre todos los connacionales.<\/span><\/p>\n<p><img loading=\"lazy\" decoding=\"async\" class=\"alignnone size-medium wp-image-70\" src=\"https:\/\/www.colectividadsatrianese.org\/wp-content\/uploads\/2023\/11\/expand1-300x193.png\" alt=\"\" width=\"300\" height=\"193\" srcset=\"https:\/\/www.colectividadsatrianese.org\/wp-content\/uploads\/2023\/11\/expand1-300x193.png 300w, https:\/\/www.colectividadsatrianese.org\/wp-content\/uploads\/2023\/11\/expand1.png 339w\" sizes=\"auto, (max-width: 300px) 100vw, 300px\" \/> <img loading=\"lazy\" decoding=\"async\" class=\"alignnone size-medium wp-image-71\" src=\"https:\/\/www.colectividadsatrianese.org\/wp-content\/uploads\/2023\/11\/expand2-300x195.png\" alt=\"\" width=\"300\" height=\"195\" srcset=\"https:\/\/www.colectividadsatrianese.org\/wp-content\/uploads\/2023\/11\/expand2-300x195.png 300w, https:\/\/www.colectividadsatrianese.org\/wp-content\/uploads\/2023\/11\/expand2.png 317w\" sizes=\"auto, (max-width: 300px) 100vw, 300px\" \/><\/p>\n<p><em><strong>Junio 1971<\/strong><\/em><\/p>\n<p>En esta fecha la Colectividad Satrianesa adquiri\u00f3 47.000 metros de terreno sobre el Camino Maldonado<br \/>\nKm. 21.200 de Montevideo, para la construcci\u00f3n del parque y la Capilla de San Rocco, inmediatamente se iniciaron los trabajos<br \/>\nde acondicionamiento del camino, forestaci\u00f3n del parque, contando para ello con la mano de obra ben\u00e9vola.-<\/p>\n<p><img loading=\"lazy\" decoding=\"async\" class=\"alignnone size-full wp-image-72\" src=\"https:\/\/www.colectividadsatrianese.org\/wp-content\/uploads\/2023\/11\/junio1.png\" alt=\"\" width=\"269\" height=\"185\" \/> <img loading=\"lazy\" decoding=\"async\" class=\"alignnone wp-image-73\" src=\"https:\/\/www.colectividadsatrianese.org\/wp-content\/uploads\/2023\/11\/junio2.png\" alt=\"\" width=\"272\" height=\"185\" \/> <img loading=\"lazy\" decoding=\"async\" class=\"alignnone wp-image-74\" src=\"https:\/\/www.colectividadsatrianese.org\/wp-content\/uploads\/2023\/11\/junio3-300x215.png\" alt=\"\" width=\"258\" height=\"185\" srcset=\"https:\/\/www.colectividadsatrianese.org\/wp-content\/uploads\/2023\/11\/junio3-300x215.png 300w, https:\/\/www.colectividadsatrianese.org\/wp-content\/uploads\/2023\/11\/junio3.png 405w\" sizes=\"auto, (max-width: 258px) 100vw, 258px\" \/><\/p>\n<p><em><strong>Diciembre 1978<\/strong><\/em><\/p>\n<p>Comienza una nueva etapa para la Colectividad Satrianesa..<br \/>\nEl momento del corte de la cinta a cargo del Sr. Obispo de Montevideo,<br \/>\ny del Padre de la Missione Catt\u00f3lica Italiana, dando por Inaugurada y Bendecida la nueva<br \/>\nCapilla constru\u00edda en honor a San Rocco.<\/p>\n<p><img loading=\"lazy\" decoding=\"async\" class=\"alignnone size-medium wp-image-76\" src=\"https:\/\/www.colectividadsatrianese.org\/wp-content\/uploads\/2023\/11\/dic1-300x188.png\" alt=\"\" width=\"300\" height=\"188\" srcset=\"https:\/\/www.colectividadsatrianese.org\/wp-content\/uploads\/2023\/11\/dic1-300x188.png 300w, https:\/\/www.colectividadsatrianese.org\/wp-content\/uploads\/2023\/11\/dic1.png 344w\" sizes=\"auto, (max-width: 300px) 100vw, 300px\" \/> <img loading=\"lazy\" decoding=\"async\" class=\"alignnone size-medium wp-image-77\" src=\"https:\/\/www.colectividadsatrianese.org\/wp-content\/uploads\/2023\/11\/dic2-300x195.png\" alt=\"\" width=\"300\" height=\"195\" srcset=\"https:\/\/www.colectividadsatrianese.org\/wp-content\/uploads\/2023\/11\/dic2-300x195.png 300w, https:\/\/www.colectividadsatrianese.org\/wp-content\/uploads\/2023\/11\/dic2.png 322w\" sizes=\"auto, (max-width: 300px) 100vw, 300px\" \/><\/p>\n<p><em><strong>Actualmente<\/strong><\/em><\/p>\n<p>A casi 55 a\u00f1os de su fundaci\u00f3n debemos decir que se ha realizado ininterrumpidamente<br \/>\nesta fiesta tradicional que ha unido a toda la colectividad italiana.<\/p>\n<p><img loading=\"lazy\" decoding=\"async\" class=\"alignnone wp-image-78\" src=\"https:\/\/www.colectividadsatrianese.org\/wp-content\/uploads\/2023\/11\/actua1-300x225.png\" alt=\"\" width=\"286\" height=\"215\" srcset=\"https:\/\/www.colectividadsatrianese.org\/wp-content\/uploads\/2023\/11\/actua1-300x225.png 300w, https:\/\/www.colectividadsatrianese.org\/wp-content\/uploads\/2023\/11\/actua1.png 325w\" sizes=\"auto, (max-width: 286px) 100vw, 286px\" \/> <img loading=\"lazy\" decoding=\"async\" class=\"alignnone size-medium wp-image-79\" src=\"https:\/\/www.colectividadsatrianese.org\/wp-content\/uploads\/2023\/11\/actua2-300x215.png\" alt=\"\" width=\"300\" height=\"215\" srcset=\"https:\/\/www.colectividadsatrianese.org\/wp-content\/uploads\/2023\/11\/actua2-300x215.png 300w, https:\/\/www.colectividadsatrianese.org\/wp-content\/uploads\/2023\/11\/actua2.png 329w\" sizes=\"auto, (max-width: 300px) 100vw, 300px\" \/> <img loading=\"lazy\" decoding=\"async\" class=\"alignnone size-medium wp-image-80\" src=\"https:\/\/www.colectividadsatrianese.org\/wp-content\/uploads\/2023\/11\/actua3-300x213.png\" alt=\"\" width=\"300\" height=\"213\" srcset=\"https:\/\/www.colectividadsatrianese.org\/wp-content\/uploads\/2023\/11\/actua3-300x213.png 300w, https:\/\/www.colectividadsatrianese.org\/wp-content\/uploads\/2023\/11\/actua3.png 329w\" sizes=\"auto, (max-width: 300px) 100vw, 300px\" \/> <img loading=\"lazy\" decoding=\"async\" class=\"alignnone wp-image-81\" src=\"https:\/\/www.colectividadsatrianese.org\/wp-content\/uploads\/2023\/11\/actua4-300x209.png\" alt=\"\" width=\"307\" height=\"214\" srcset=\"https:\/\/www.colectividadsatrianese.org\/wp-content\/uploads\/2023\/11\/actua4-300x209.png 300w, https:\/\/www.colectividadsatrianese.org\/wp-content\/uploads\/2023\/11\/actua4.png 330w\" sizes=\"auto, (max-width: 307px) 100vw, 307px\" \/><\/p>\n<p>&nbsp;<\/p>\n","protected":false},"excerpt":{"rendered":"<p>PARA EL RECUERDO\u2026. El a\u00f1o 2004 fue muy especial para nuestra Colectividad, por un lado el 1er Aniversario del Primer Grupo de Danza y por otro los 40 a\u00f1os de la fundaci\u00f3n de la Colectividad Satrianesa-San Rocco y s\u00ed lo festejamos. FUNDACION La fundaci\u00f3n de la Colectividad Satrianesa \u2013 San Rocco se remonta al a\u00f1o&hellip; <br \/> <a class=\"read-more\" href=\"https:\/\/www.colectividadsatrianese.org\/?page_id=2\">Leer m\u00e1s<\/a><\/p>\n","protected":false},"author":1,"featured_media":30,"parent":0,"menu_order":1,"comment_status":"closed","ping_status":"open","template":"","meta":{"footnotes":""},"class_list":["post-2","page","type-page","status-publish","has-post-thumbnail","hentry"],"_links":{"self":[{"href":"https:\/\/www.colectividadsatrianese.org\/index.php?rest_route=\/wp\/v2\/pages\/2","targetHints":{"allow":["GET"]}}],"collection":[{"href":"https:\/\/www.colectividadsatrianese.org\/index.php?rest_route=\/wp\/v2\/pages"}],"about":[{"href":"https:\/\/www.colectividadsatrianese.org\/index.php?rest_route=\/wp\/v2\/types\/page"}],"author":[{"embeddable":true,"href":"https:\/\/www.colectividadsatrianese.org\/index.php?rest_route=\/wp\/v2\/users\/1"}],"replies":[{"embeddable":true,"href":"https:\/\/www.colectividadsatrianese.org\/index.php?rest_route=%2Fwp%2Fv2%2Fcomments&post=2"}],"version-history":[{"count":15,"href":"https:\/\/www.colectividadsatrianese.org\/index.php?rest_route=\/wp\/v2\/pages\/2\/revisions"}],"predecessor-version":[{"id":215,"href":"https:\/\/www.colectividadsatrianese.org\/index.php?rest_route=\/wp\/v2\/pages\/2\/revisions\/215"}],"wp:featuredmedia":[{"embeddable":true,"href":"https:\/\/www.colectividadsatrianese.org\/index.php?rest_route=\/wp\/v2\/media\/30"}],"wp:attachment":[{"href":"https:\/\/www.colectividadsatrianese.org\/index.php?rest_route=%2Fwp%2Fv2%2Fmedia&parent=2"}],"curies":[{"name":"wp","href":"https:\/\/api.w.org\/{rel}","templated":true}]}}